{"id":98721,"date":"2024-11-26T10:34:16","date_gmt":"2024-11-26T09:34:16","guid":{"rendered":"https:\/\/lilleartup.com\/?post_type=artist&#038;p=98721"},"modified":"2025-01-21T13:39:15","modified_gmt":"2025-01-21T12:39:15","slug":"combas-3","status":"publish","type":"artist","link":"https:\/\/lilleartup.com\/en\/all-artists\/combas-3\/","title":{"rendered":"Combas"},"content":{"rendered":"<p>Robert Combas a apport\u00e9 \u00e0 l\u2019aube des ann\u00e9es 80 une nouvelle peinture figurative. Pr\u00e9sent sur la sc\u00e8ne artistique d\u00e8s 1979 il est le co-fondateur avec Herv\u00e9 Di Rosa d\u2019un mouvement que Ben appela la Figuration Libre, mouvement regroupant : R\u00e9mi Blanchard, Fran\u00e7ois Boisrond, Robert Combas et Herv\u00e9 Di Rosa.<\/p>\n<p>La \u00ab Figuration Libre \u00bb qui dans les ann\u00e9es 80 d\u00e9sacralisait l\u2019art et revendiquait pour la peinture ce que le mouvement punk affirmait pour la musique : tout le monde peut \u00eatre un artiste : L\u2019art de rue contre l\u2019establishment. Poursuivant cette attitude provocante dans son travail personnel, Il se confronte \u00e0 tous les d\u00e9fis artistiques : peinture, sculpture, musique, cin\u00e9ma font partie de son travail et lui permettent de d\u00e9velopper son imaginaire sur tous les supports.<br \/>\nSa vie est peinture et sa peinture est vie, Robert Combas croque le monde, il le m\u00e2che et le recrache en miettes. Dans son univers parall\u00e8le on se tue mais ne meurt pas, l\u2019amour et le sexe c\u00f4toient la guerre et la violence.<br \/>\nLa peinture de Combas est faite de libert\u00e9s. Elle parle de la soci\u00e9t\u00e9, de la violence, de la sexualit\u00e9, de la souffrance des gens, de leurs petits bonheurs, de leur petitesse, de leur grandeur\u2026 Elle s\u2019inspire du rock dont l\u2019artiste est un fin amateur, des images populaires, des livres d\u2019enfance, des manuels scolaires de tout ce qui fait une culture populaire accessible \u00e0 tous. \u00bb Le figuratif c\u2019est le c\u00f4t\u00e9 amusant, pied sur terre; au d\u00e9part c\u2019\u00e9tait une r\u00e9action d\u00e9risoire contre les peintures intellectuelles du milieu de deux mondes diff\u00e9rents. Il y a quand m\u00eame des messages dans ma peinture : au d\u00e9part c\u2019est une certaine \u00e9nergie, j\u2019ai voulu peindre ce que je voulais. Dans la B.D, on est coinc\u00e9 par les personnages, tandis que dans cette peinture, je suis l\u2019art des ann\u00e9es 70. Moi je viens du milieu populaire \u00bb.<br \/>\nRobert Combas, artiste peintre fran\u00e7ais.<\/p>\n<p>Le langage artistique ne s\u2019arr\u00eate pas aux fronti\u00e8res de l\u2019intime. Bien au contraire, c\u2019est en partant de cet \u00e9l\u00e9ment \u00ab intime \u00bb qu\u2019il va alors le d\u00e9passer pour devenir \u00ab social \u00bb. Un langage qui, en m\u00eame temps, est une attitude positive ; car au-del\u00e0 des sc\u00e8nes de violence ou d\u2019intense sexualit\u00e9, au-del\u00e0 de la combinaison image mot (ou phrase), l\u2019\u0153uvre de Robert Combas est avant tout un geste. Ce geste n\u2019a aucune base didactique (le sujet n\u2019est pas l\u2019\u00e9picentre) mais est un comportement qui a soif d\u2019\u00e9largir son champ d\u2019action bien au-del\u00e0 des fronti\u00e8res closes d\u2019un langage de l\u2019Histoire de l\u2019Art, pour se tourner vers ce qui, jusqu\u2019\u00e0 maintenant, avait \u00e9t\u00e9 m\u00e9pris\u00e9 par l\u2019\u00e9lite qui dominait l\u2019art durant la p\u00e9riode des ann\u00e9es 70 : les dessins d\u2019enfants, des fous, les bandes dessin\u00e9es, la musique rock L\u2019enfantin n\u2019est en fait rien de plus qu\u2019une strat\u00e9gie : celle d\u2019un peintre qui veut agrandir le terrain d\u2019action de son iconographie.<\/p>\n<p>Robert Combas, exorcise les drames de l\u2019histoire en les interpr\u00e9tant de son \u00e9criture po\u00e9tique et humoristique, il d\u00e9crypte le monde, l\u2019embellit ou le noircit \u00e0 sa guise, il nous emm\u00e8ne dans une incroyable aventure color\u00e9e et musicale.<\/p>\n","protected":false},"author":172,"featured_media":98722,"template":"","taxo_year_participe":[136],"class_list":["post-98721","artist","type-artist","status-publish","has-post-thumbnail","hentry"],"acf":[],"yoast_head":"<!-- This site is optimized with the Yoast SEO plugin v27.4 - https:\/\/yoast.com\/product\/yoast-seo-wordpress\/ -->\n<title>Combas - Lille art up!<\/title>\n<meta name=\"robots\" content=\"index, follow, max-snippet:-1, max-image-preview:large, max-video-preview:-1\" \/>\n<meta property=\"og:locale\" content=\"en_US\" \/>\n<meta property=\"og:type\" content=\"article\" \/>\n<meta property=\"og:title\" content=\"Combas - Lille art up!\" \/>\n<meta property=\"og:description\" content=\"Robert Combas a apport\u00e9 \u00e0 l\u2019aube des ann\u00e9es 80 une nouvelle peinture figurative. Pr\u00e9sent sur la sc\u00e8ne artistique d\u00e8s 1979 il est le co-fondateur avec Herv\u00e9 Di Rosa d\u2019un mouvement que Ben appela la Figuration Libre, mouvement regroupant : R\u00e9mi Blanchard, Fran\u00e7ois Boisrond, Robert Combas et Herv\u00e9 Di Rosa. La \u00ab Figuration Libre \u00bb qui [&hellip;]\" \/>\n<meta property=\"og:url\" content=\"https:\/\/lilleartup.com\/en\/all-artists\/combas-3\/\" \/>\n<meta property=\"og:site_name\" content=\"Lille art up!\" \/>\n<meta property=\"article:modified_time\" content=\"2025-01-21T12:39:15+00:00\" \/>\n<meta property=\"og:image\" content=\"https:\/\/lilleartup.com\/wp-content\/uploads\/2024\/11\/Robert-Combas-peintre-francais.jpg\" \/>\n\t<meta property=\"og:image:width\" content=\"500\" \/>\n\t<meta property=\"og:image:height\" content=\"500\" \/>\n\t<meta property=\"og:image:type\" content=\"image\/jpeg\" \/>\n<meta name=\"twitter:card\" content=\"summary_large_image\" \/>\n<meta name=\"twitter:label1\" content=\"Est. reading time\" \/>\n\t<meta name=\"twitter:data1\" content=\"3 minutes\" \/>\n<script type=\"application\/ld+json\" class=\"yoast-schema-graph\">{\"@context\":\"https:\\\/\\\/schema.org\",\"@graph\":[{\"@type\":\"WebPage\",\"@id\":\"https:\\\/\\\/lilleartup.com\\\/en\\\/all-artists\\\/combas-3\\\/\",\"url\":\"https:\\\/\\\/lilleartup.com\\\/en\\\/all-artists\\\/combas-3\\\/\",\"name\":\"Combas - Lille art up!\",\"isPartOf\":{\"@id\":\"https:\\\/\\\/lilleartup.com\\\/en\\\/#website\"},\"primaryImageOfPage\":{\"@id\":\"https:\\\/\\\/lilleartup.com\\\/en\\\/all-artists\\\/combas-3\\\/#primaryimage\"},\"image\":{\"@id\":\"https:\\\/\\\/lilleartup.com\\\/en\\\/all-artists\\\/combas-3\\\/#primaryimage\"},\"thumbnailUrl\":\"https:\\\/\\\/lilleartup.com\\\/wp-content\\\/uploads\\\/2024\\\/11\\\/Robert-Combas-peintre-francais.jpg\",\"datePublished\":\"2024-11-26T09:34:16+00:00\",\"dateModified\":\"2025-01-21T12:39:15+00:00\",\"breadcrumb\":{\"@id\":\"https:\\\/\\\/lilleartup.com\\\/en\\\/all-artists\\\/combas-3\\\/#breadcrumb\"},\"inLanguage\":\"en-US\",\"potentialAction\":[{\"@type\":\"ReadAction\",\"target\":[\"https:\\\/\\\/lilleartup.com\\\/en\\\/all-artists\\\/combas-3\\\/\"]}]},{\"@type\":\"ImageObject\",\"inLanguage\":\"en-US\",\"@id\":\"https:\\\/\\\/lilleartup.com\\\/en\\\/all-artists\\\/combas-3\\\/#primaryimage\",\"url\":\"https:\\\/\\\/lilleartup.com\\\/wp-content\\\/uploads\\\/2024\\\/11\\\/Robert-Combas-peintre-francais.jpg\",\"contentUrl\":\"https:\\\/\\\/lilleartup.com\\\/wp-content\\\/uploads\\\/2024\\\/11\\\/Robert-Combas-peintre-francais.jpg\",\"width\":500,\"height\":500},{\"@type\":\"BreadcrumbList\",\"@id\":\"https:\\\/\\\/lilleartup.com\\\/en\\\/all-artists\\\/combas-3\\\/#breadcrumb\",\"itemListElement\":[{\"@type\":\"ListItem\",\"position\":1,\"name\":\"Home\",\"item\":\"https:\\\/\\\/lilleartup.com\\\/en\\\/\"},{\"@type\":\"ListItem\",\"position\":2,\"name\":\"Artistes\",\"item\":\"https:\\\/\\\/lilleartup.com\\\/en\\\/all-artists\\\/\"},{\"@type\":\"ListItem\",\"position\":3,\"name\":\"Combas\"}]},{\"@type\":\"WebSite\",\"@id\":\"https:\\\/\\\/lilleartup.com\\\/en\\\/#website\",\"url\":\"https:\\\/\\\/lilleartup.com\\\/en\\\/\",\"name\":\"Lille art up!\",\"description\":\"\",\"potentialAction\":[{\"@type\":\"SearchAction\",\"target\":{\"@type\":\"EntryPoint\",\"urlTemplate\":\"https:\\\/\\\/lilleartup.com\\\/en\\\/?s={search_term_string}\"},\"query-input\":{\"@type\":\"PropertyValueSpecification\",\"valueRequired\":true,\"valueName\":\"search_term_string\"}}],\"inLanguage\":\"en-US\"}]}<\/script>\n<!-- \/ Yoast SEO plugin. -->","yoast_head_json":{"title":"Combas - Lille art up!","robots":{"index":"index","follow":"follow","max-snippet":"max-snippet:-1","max-image-preview":"max-image-preview:large","max-video-preview":"max-video-preview:-1"},"og_locale":"en_US","og_type":"article","og_title":"Combas - Lille art up!","og_description":"Robert Combas a apport\u00e9 \u00e0 l\u2019aube des ann\u00e9es 80 une nouvelle peinture figurative. Pr\u00e9sent sur la sc\u00e8ne artistique d\u00e8s 1979 il est le co-fondateur avec Herv\u00e9 Di Rosa d\u2019un mouvement que Ben appela la Figuration Libre, mouvement regroupant : R\u00e9mi Blanchard, Fran\u00e7ois Boisrond, Robert Combas et Herv\u00e9 Di Rosa. La \u00ab Figuration Libre \u00bb qui [&hellip;]","og_url":"https:\/\/lilleartup.com\/en\/all-artists\/combas-3\/","og_site_name":"Lille art up!","article_modified_time":"2025-01-21T12:39:15+00:00","og_image":[{"width":500,"height":500,"url":"https:\/\/lilleartup.com\/wp-content\/uploads\/2024\/11\/Robert-Combas-peintre-francais.jpg","type":"image\/jpeg"}],"twitter_card":"summary_large_image","twitter_misc":{"Est. reading time":"3 minutes"},"schema":{"@context":"https:\/\/schema.org","@graph":[{"@type":"WebPage","@id":"https:\/\/lilleartup.com\/en\/all-artists\/combas-3\/","url":"https:\/\/lilleartup.com\/en\/all-artists\/combas-3\/","name":"Combas - Lille art up!","isPartOf":{"@id":"https:\/\/lilleartup.com\/en\/#website"},"primaryImageOfPage":{"@id":"https:\/\/lilleartup.com\/en\/all-artists\/combas-3\/#primaryimage"},"image":{"@id":"https:\/\/lilleartup.com\/en\/all-artists\/combas-3\/#primaryimage"},"thumbnailUrl":"https:\/\/lilleartup.com\/wp-content\/uploads\/2024\/11\/Robert-Combas-peintre-francais.jpg","datePublished":"2024-11-26T09:34:16+00:00","dateModified":"2025-01-21T12:39:15+00:00","breadcrumb":{"@id":"https:\/\/lilleartup.com\/en\/all-artists\/combas-3\/#breadcrumb"},"inLanguage":"en-US","potentialAction":[{"@type":"ReadAction","target":["https:\/\/lilleartup.com\/en\/all-artists\/combas-3\/"]}]},{"@type":"ImageObject","inLanguage":"en-US","@id":"https:\/\/lilleartup.com\/en\/all-artists\/combas-3\/#primaryimage","url":"https:\/\/lilleartup.com\/wp-content\/uploads\/2024\/11\/Robert-Combas-peintre-francais.jpg","contentUrl":"https:\/\/lilleartup.com\/wp-content\/uploads\/2024\/11\/Robert-Combas-peintre-francais.jpg","width":500,"height":500},{"@type":"BreadcrumbList","@id":"https:\/\/lilleartup.com\/en\/all-artists\/combas-3\/#breadcrumb","itemListElement":[{"@type":"ListItem","position":1,"name":"Home","item":"https:\/\/lilleartup.com\/en\/"},{"@type":"ListItem","position":2,"name":"Artistes","item":"https:\/\/lilleartup.com\/en\/all-artists\/"},{"@type":"ListItem","position":3,"name":"Combas"}]},{"@type":"WebSite","@id":"https:\/\/lilleartup.com\/en\/#website","url":"https:\/\/lilleartup.com\/en\/","name":"Lille art up!","description":"","potentialAction":[{"@type":"SearchAction","target":{"@type":"EntryPoint","urlTemplate":"https:\/\/lilleartup.com\/en\/?s={search_term_string}"},"query-input":{"@type":"PropertyValueSpecification","valueRequired":true,"valueName":"search_term_string"}}],"inLanguage":"en-US"}]}},"_links":{"self":[{"href":"https:\/\/lilleartup.com\/en\/wp-json\/wp\/v2\/artist\/98721","targetHints":{"allow":["GET"]}}],"collection":[{"href":"https:\/\/lilleartup.com\/en\/wp-json\/wp\/v2\/artist"}],"about":[{"href":"https:\/\/lilleartup.com\/en\/wp-json\/wp\/v2\/types\/artist"}],"author":[{"embeddable":true,"href":"https:\/\/lilleartup.com\/en\/wp-json\/wp\/v2\/users\/172"}],"version-history":[{"count":2,"href":"https:\/\/lilleartup.com\/en\/wp-json\/wp\/v2\/artist\/98721\/revisions"}],"predecessor-version":[{"id":105297,"href":"https:\/\/lilleartup.com\/en\/wp-json\/wp\/v2\/artist\/98721\/revisions\/105297"}],"wp:featuredmedia":[{"embeddable":true,"href":"https:\/\/lilleartup.com\/en\/wp-json\/wp\/v2\/media\/98722"}],"wp:attachment":[{"href":"https:\/\/lilleartup.com\/en\/wp-json\/wp\/v2\/media?parent=98721"}],"wp:term":[{"taxonomy":"taxo_year_participe","embeddable":true,"href":"https:\/\/lilleartup.com\/en\/wp-json\/wp\/v2\/taxo_year_participe?post=98721"}],"curies":[{"name":"wp","href":"https:\/\/api.w.org\/{rel}","templated":true}]}}