{"id":96452,"date":"2024-11-20T16:57:24","date_gmt":"2024-11-20T15:57:24","guid":{"rendered":"https:\/\/lilleartup.com\/?post_type=artist&#038;p=96452"},"modified":"2025-01-21T17:40:18","modified_gmt":"2025-01-21T16:40:18","slug":"ferreira-2","status":"publish","type":"artist","link":"https:\/\/lilleartup.com\/en\/all-artists\/ferreira-2\/","title":{"rendered":"Ferreira"},"content":{"rendered":"<p>J\u00e9r\u00e9my Ferreira est n\u00e9 en 1989 \u00e0 st Etienne.<br \/>\nFan de Pop culture et de Street art depuis l&#8217;adolescence, c&#8217;est \u00e0 partir de 2014 qu&#8217;il commence le dessin en autodidacte.<br \/>\nIl s&#8217;est rapidement mis \u00e0 la peinture en essayant toutes sortes de techniques et en s&#8217;inspirant d&#8217;artistes tel que Kaws, Alec Monopoly, Timmy sneaks\u2026<\/p>\n<p>Les \u0153uvres de son nouveau projet artistique repr\u00e9sentent la nature qui reprend ses droits, notamment dans les milieux urbains.<br \/>\nL\u2019artiste cherche \u00e0 symboliser la mani\u00e8re dont la beaut\u00e9 peut \u00e9clore m\u00eame dans les environnements les plus durs.<br \/>\nPour cr\u00e9er ses supports, il s\u2019inspire des murs qui l\u2019entourent, en particulier dans la ville de Lyon, o\u00f9 les b\u00e2timents anciens en pierre c\u00f4toient les constructions modernes. Il recr\u00e9e l\u2019aspect de murs marqu\u00e9s par le temps, fissur\u00e9s, o\u00f9 \u00e9mergent des fleurs de b\u00e9ton \u00e0 travers les br\u00e8ches.<br \/>\nSur certaines pi\u00e8ces, quelques p\u00e9tales semblent m\u00eame s\u2019envoler, rappelant ainsi la fragilit\u00e9 et la r\u00e9silience de la nature.<br \/>\n.<\/p>\n","protected":false},"author":491,"featured_media":96453,"template":"","taxo_year_participe":[136],"class_list":["post-96452","artist","type-artist","status-publish","has-post-thumbnail","hentry"],"acf":[],"yoast_head":"<!-- This site is optimized with the Yoast SEO plugin v27.4 - https:\/\/yoast.com\/product\/yoast-seo-wordpress\/ -->\n<title>Ferreira - Lille art up!<\/title>\n<meta name=\"robots\" content=\"index, follow, max-snippet:-1, max-image-preview:large, max-video-preview:-1\" \/>\n<meta property=\"og:locale\" content=\"en_US\" \/>\n<meta property=\"og:type\" content=\"article\" \/>\n<meta property=\"og:title\" content=\"Ferreira - Lille art up!\" \/>\n<meta property=\"og:description\" content=\"J\u00e9r\u00e9my Ferreira est n\u00e9 en 1989 \u00e0 st Etienne. Fan de Pop culture et de Street art depuis l&#8217;adolescence, c&#8217;est \u00e0 partir de 2014 qu&#8217;il commence le dessin en autodidacte. Il s&#8217;est rapidement mis \u00e0 la peinture en essayant toutes sortes de techniques et en s&#8217;inspirant d&#8217;artistes tel que Kaws, Alec Monopoly, Timmy sneaks\u2026 Les [&hellip;]\" \/>\n<meta property=\"og:url\" content=\"https:\/\/lilleartup.com\/en\/all-artists\/ferreira-2\/\" \/>\n<meta property=\"og:site_name\" content=\"Lille art up!\" \/>\n<meta property=\"article:modified_time\" content=\"2025-01-21T16:40:18+00:00\" \/>\n<meta property=\"og:image\" content=\"https:\/\/lilleartup.com\/wp-content\/uploads\/2024\/11\/image0-scaled.jpeg\" \/>\n\t<meta property=\"og:image:width\" content=\"690\" \/>\n\t<meta property=\"og:image:height\" content=\"1080\" \/>\n\t<meta property=\"og:image:type\" content=\"image\/jpeg\" \/>\n<meta name=\"twitter:card\" content=\"summary_large_image\" \/>\n<meta name=\"twitter:label1\" content=\"Est. reading time\" \/>\n\t<meta name=\"twitter:data1\" content=\"1 minute\" \/>\n<script type=\"application\/ld+json\" class=\"yoast-schema-graph\">{\"@context\":\"https:\\\/\\\/schema.org\",\"@graph\":[{\"@type\":\"WebPage\",\"@id\":\"https:\\\/\\\/lilleartup.com\\\/en\\\/all-artists\\\/ferreira-2\\\/\",\"url\":\"https:\\\/\\\/lilleartup.com\\\/en\\\/all-artists\\\/ferreira-2\\\/\",\"name\":\"Ferreira - Lille art up!\",\"isPartOf\":{\"@id\":\"https:\\\/\\\/lilleartup.com\\\/en\\\/#website\"},\"primaryImageOfPage\":{\"@id\":\"https:\\\/\\\/lilleartup.com\\\/en\\\/all-artists\\\/ferreira-2\\\/#primaryimage\"},\"image\":{\"@id\":\"https:\\\/\\\/lilleartup.com\\\/en\\\/all-artists\\\/ferreira-2\\\/#primaryimage\"},\"thumbnailUrl\":\"https:\\\/\\\/lilleartup.com\\\/wp-content\\\/uploads\\\/2024\\\/11\\\/image0-scaled.jpeg\",\"datePublished\":\"2024-11-20T15:57:24+00:00\",\"dateModified\":\"2025-01-21T16:40:18+00:00\",\"breadcrumb\":{\"@id\":\"https:\\\/\\\/lilleartup.com\\\/en\\\/all-artists\\\/ferreira-2\\\/#breadcrumb\"},\"inLanguage\":\"en-US\",\"potentialAction\":[{\"@type\":\"ReadAction\",\"target\":[\"https:\\\/\\\/lilleartup.com\\\/en\\\/all-artists\\\/ferreira-2\\\/\"]}]},{\"@type\":\"ImageObject\",\"inLanguage\":\"en-US\",\"@id\":\"https:\\\/\\\/lilleartup.com\\\/en\\\/all-artists\\\/ferreira-2\\\/#primaryimage\",\"url\":\"https:\\\/\\\/lilleartup.com\\\/wp-content\\\/uploads\\\/2024\\\/11\\\/image0-scaled.jpeg\",\"contentUrl\":\"https:\\\/\\\/lilleartup.com\\\/wp-content\\\/uploads\\\/2024\\\/11\\\/image0-scaled.jpeg\",\"width\":690,\"height\":1080},{\"@type\":\"BreadcrumbList\",\"@id\":\"https:\\\/\\\/lilleartup.com\\\/en\\\/all-artists\\\/ferreira-2\\\/#breadcrumb\",\"itemListElement\":[{\"@type\":\"ListItem\",\"position\":1,\"name\":\"Home\",\"item\":\"https:\\\/\\\/lilleartup.com\\\/en\\\/\"},{\"@type\":\"ListItem\",\"position\":2,\"name\":\"Artistes\",\"item\":\"https:\\\/\\\/lilleartup.com\\\/en\\\/all-artists\\\/\"},{\"@type\":\"ListItem\",\"position\":3,\"name\":\"Ferreira\"}]},{\"@type\":\"WebSite\",\"@id\":\"https:\\\/\\\/lilleartup.com\\\/en\\\/#website\",\"url\":\"https:\\\/\\\/lilleartup.com\\\/en\\\/\",\"name\":\"Lille art up!\",\"description\":\"\",\"potentialAction\":[{\"@type\":\"SearchAction\",\"target\":{\"@type\":\"EntryPoint\",\"urlTemplate\":\"https:\\\/\\\/lilleartup.com\\\/en\\\/?s={search_term_string}\"},\"query-input\":{\"@type\":\"PropertyValueSpecification\",\"valueRequired\":true,\"valueName\":\"search_term_string\"}}],\"inLanguage\":\"en-US\"}]}<\/script>\n<!-- \/ Yoast SEO plugin. -->","yoast_head_json":{"title":"Ferreira - Lille art up!","robots":{"index":"index","follow":"follow","max-snippet":"max-snippet:-1","max-image-preview":"max-image-preview:large","max-video-preview":"max-video-preview:-1"},"og_locale":"en_US","og_type":"article","og_title":"Ferreira - Lille art up!","og_description":"J\u00e9r\u00e9my Ferreira est n\u00e9 en 1989 \u00e0 st Etienne. Fan de Pop culture et de Street art depuis l&#8217;adolescence, c&#8217;est \u00e0 partir de 2014 qu&#8217;il commence le dessin en autodidacte. Il s&#8217;est rapidement mis \u00e0 la peinture en essayant toutes sortes de techniques et en s&#8217;inspirant d&#8217;artistes tel que Kaws, Alec Monopoly, Timmy sneaks\u2026 Les [&hellip;]","og_url":"https:\/\/lilleartup.com\/en\/all-artists\/ferreira-2\/","og_site_name":"Lille art up!","article_modified_time":"2025-01-21T16:40:18+00:00","og_image":[{"width":690,"height":1080,"url":"https:\/\/lilleartup.com\/wp-content\/uploads\/2024\/11\/image0-scaled.jpeg","type":"image\/jpeg"}],"twitter_card":"summary_large_image","twitter_misc":{"Est. reading time":"1 minute"},"schema":{"@context":"https:\/\/schema.org","@graph":[{"@type":"WebPage","@id":"https:\/\/lilleartup.com\/en\/all-artists\/ferreira-2\/","url":"https:\/\/lilleartup.com\/en\/all-artists\/ferreira-2\/","name":"Ferreira - Lille art up!","isPartOf":{"@id":"https:\/\/lilleartup.com\/en\/#website"},"primaryImageOfPage":{"@id":"https:\/\/lilleartup.com\/en\/all-artists\/ferreira-2\/#primaryimage"},"image":{"@id":"https:\/\/lilleartup.com\/en\/all-artists\/ferreira-2\/#primaryimage"},"thumbnailUrl":"https:\/\/lilleartup.com\/wp-content\/uploads\/2024\/11\/image0-scaled.jpeg","datePublished":"2024-11-20T15:57:24+00:00","dateModified":"2025-01-21T16:40:18+00:00","breadcrumb":{"@id":"https:\/\/lilleartup.com\/en\/all-artists\/ferreira-2\/#breadcrumb"},"inLanguage":"en-US","potentialAction":[{"@type":"ReadAction","target":["https:\/\/lilleartup.com\/en\/all-artists\/ferreira-2\/"]}]},{"@type":"ImageObject","inLanguage":"en-US","@id":"https:\/\/lilleartup.com\/en\/all-artists\/ferreira-2\/#primaryimage","url":"https:\/\/lilleartup.com\/wp-content\/uploads\/2024\/11\/image0-scaled.jpeg","contentUrl":"https:\/\/lilleartup.com\/wp-content\/uploads\/2024\/11\/image0-scaled.jpeg","width":690,"height":1080},{"@type":"BreadcrumbList","@id":"https:\/\/lilleartup.com\/en\/all-artists\/ferreira-2\/#breadcrumb","itemListElement":[{"@type":"ListItem","position":1,"name":"Home","item":"https:\/\/lilleartup.com\/en\/"},{"@type":"ListItem","position":2,"name":"Artistes","item":"https:\/\/lilleartup.com\/en\/all-artists\/"},{"@type":"ListItem","position":3,"name":"Ferreira"}]},{"@type":"WebSite","@id":"https:\/\/lilleartup.com\/en\/#website","url":"https:\/\/lilleartup.com\/en\/","name":"Lille art up!","description":"","potentialAction":[{"@type":"SearchAction","target":{"@type":"EntryPoint","urlTemplate":"https:\/\/lilleartup.com\/en\/?s={search_term_string}"},"query-input":{"@type":"PropertyValueSpecification","valueRequired":true,"valueName":"search_term_string"}}],"inLanguage":"en-US"}]}},"_links":{"self":[{"href":"https:\/\/lilleartup.com\/en\/wp-json\/wp\/v2\/artist\/96452","targetHints":{"allow":["GET"]}}],"collection":[{"href":"https:\/\/lilleartup.com\/en\/wp-json\/wp\/v2\/artist"}],"about":[{"href":"https:\/\/lilleartup.com\/en\/wp-json\/wp\/v2\/types\/artist"}],"author":[{"embeddable":true,"href":"https:\/\/lilleartup.com\/en\/wp-json\/wp\/v2\/users\/491"}],"version-history":[{"count":2,"href":"https:\/\/lilleartup.com\/en\/wp-json\/wp\/v2\/artist\/96452\/revisions"}],"predecessor-version":[{"id":105507,"href":"https:\/\/lilleartup.com\/en\/wp-json\/wp\/v2\/artist\/96452\/revisions\/105507"}],"wp:featuredmedia":[{"embeddable":true,"href":"https:\/\/lilleartup.com\/en\/wp-json\/wp\/v2\/media\/96453"}],"wp:attachment":[{"href":"https:\/\/lilleartup.com\/en\/wp-json\/wp\/v2\/media?parent=96452"}],"wp:term":[{"taxonomy":"taxo_year_participe","embeddable":true,"href":"https:\/\/lilleartup.com\/en\/wp-json\/wp\/v2\/taxo_year_participe?post=96452"}],"curies":[{"name":"wp","href":"https:\/\/api.w.org\/{rel}","templated":true}]}}