{"id":94402,"date":"2024-11-17T14:00:47","date_gmt":"2024-11-17T13:00:47","guid":{"rendered":"https:\/\/lilleartup.com\/?post_type=artist&#038;p=94402"},"modified":"2024-11-17T14:00:47","modified_gmt":"2024-11-17T13:00:47","slug":"lilxlylilxly","status":"publish","type":"artist","link":"https:\/\/lilleartup.com\/en\/all-artists\/lilxlylilxly\/","title":{"rendered":"lilxlylilxly"},"content":{"rendered":"<p>Charg\u00e9 mais dot\u00e9 d&#8217;un cerveau neurodiversifi\u00e9, je vois les choses diff\u00e9remment des masses. Je consid\u00e8re maintenant cette diff\u00e9rence comme un cadeau, un bel enrichissement \u00e0 la fois pour ma vie et pour mon art. On m\u2019a souvent dit que ma perception du monde ne refl\u00e9tait pas la r\u00e9alit\u00e9, mais \u00e0 mesure que j\u2019ai grandi, j\u2019ai r\u00e9alis\u00e9 que ce n\u2019est pas parce qu\u2019une majorit\u00e9 partage une perspective commune qu\u2019elle d\u00e9finit la v\u00e9rit\u00e9. Mon art est une c\u00e9l\u00e9bration de la diversit\u00e9 des perceptions, et je cherche \u00e0 d\u00e9m\u00ealer les diff\u00e9rentes facettes de la fa\u00e7on dont je vis le monde et comment cela se connecte aux r\u00e9alit\u00e9s des autres. \u00bb<br \/>\nDans son travail, Lieke combine, \u00e9dite et d\u00e9forme des \u00e9l\u00e9ments naturels et manufactur\u00e9s, explorant l&#8217;\u00e9quilibre entre la cr\u00e9ation humaine et le num\u00e9rique. Elle examine comment l\u2019illusion d\u2019optique et la manipulation num\u00e9rique pourraient brouiller les fronti\u00e8res entre l\u2019organique et l\u2019artificiel, se demandant dans quelle mesure A.R.T. reste pertinent dans le paysage num\u00e9rique d\u2019aujourd\u2019hui.<\/p>\n","protected":false},"author":716,"featured_media":94850,"template":"","taxo_year_participe":[136],"class_list":["post-94402","artist","type-artist","status-publish","has-post-thumbnail","hentry"],"acf":[],"yoast_head":"<!-- This site is optimized with the Yoast SEO plugin v27.4 - https:\/\/yoast.com\/product\/yoast-seo-wordpress\/ -->\n<title>lilxlylilxly - Lille art up!<\/title>\n<meta name=\"robots\" content=\"index, follow, max-snippet:-1, max-image-preview:large, max-video-preview:-1\" \/>\n<meta property=\"og:locale\" content=\"en_US\" \/>\n<meta property=\"og:type\" content=\"article\" \/>\n<meta property=\"og:title\" content=\"lilxlylilxly - Lille art up!\" \/>\n<meta property=\"og:description\" content=\"Charg\u00e9 mais dot\u00e9 d&#8217;un cerveau neurodiversifi\u00e9, je vois les choses diff\u00e9remment des masses. Je consid\u00e8re maintenant cette diff\u00e9rence comme un cadeau, un bel enrichissement \u00e0 la fois pour ma vie et pour mon art. On m\u2019a souvent dit que ma perception du monde ne refl\u00e9tait pas la r\u00e9alit\u00e9, mais \u00e0 mesure que j\u2019ai grandi, j\u2019ai [&hellip;]\" \/>\n<meta property=\"og:url\" content=\"https:\/\/lilleartup.com\/en\/all-artists\/lilxlylilxly\/\" \/>\n<meta property=\"og:site_name\" content=\"Lille art up!\" \/>\n<meta property=\"og:image\" content=\"https:\/\/lilleartup.com\/wp-content\/uploads\/2024\/11\/liekemarleenvankalken-lilxlylilxly.jpg\" \/>\n\t<meta property=\"og:image:width\" content=\"720\" \/>\n\t<meta property=\"og:image:height\" content=\"1080\" \/>\n\t<meta property=\"og:image:type\" content=\"image\/jpeg\" \/>\n<meta name=\"twitter:card\" content=\"summary_large_image\" \/>\n<meta name=\"twitter:label1\" content=\"Est. reading time\" \/>\n\t<meta name=\"twitter:data1\" content=\"1 minute\" \/>\n<script type=\"application\/ld+json\" class=\"yoast-schema-graph\">{\"@context\":\"https:\\\/\\\/schema.org\",\"@graph\":[{\"@type\":\"WebPage\",\"@id\":\"https:\\\/\\\/lilleartup.com\\\/en\\\/all-artists\\\/lilxlylilxly\\\/\",\"url\":\"https:\\\/\\\/lilleartup.com\\\/en\\\/all-artists\\\/lilxlylilxly\\\/\",\"name\":\"lilxlylilxly - Lille art up!\",\"isPartOf\":{\"@id\":\"https:\\\/\\\/lilleartup.com\\\/en\\\/#website\"},\"primaryImageOfPage\":{\"@id\":\"https:\\\/\\\/lilleartup.com\\\/en\\\/all-artists\\\/lilxlylilxly\\\/#primaryimage\"},\"image\":{\"@id\":\"https:\\\/\\\/lilleartup.com\\\/en\\\/all-artists\\\/lilxlylilxly\\\/#primaryimage\"},\"thumbnailUrl\":\"https:\\\/\\\/lilleartup.com\\\/wp-content\\\/uploads\\\/2024\\\/11\\\/liekemarleenvankalken-lilxlylilxly.jpg\",\"datePublished\":\"2024-11-17T13:00:47+00:00\",\"breadcrumb\":{\"@id\":\"https:\\\/\\\/lilleartup.com\\\/en\\\/all-artists\\\/lilxlylilxly\\\/#breadcrumb\"},\"inLanguage\":\"en-US\",\"potentialAction\":[{\"@type\":\"ReadAction\",\"target\":[\"https:\\\/\\\/lilleartup.com\\\/en\\\/all-artists\\\/lilxlylilxly\\\/\"]}]},{\"@type\":\"ImageObject\",\"inLanguage\":\"en-US\",\"@id\":\"https:\\\/\\\/lilleartup.com\\\/en\\\/all-artists\\\/lilxlylilxly\\\/#primaryimage\",\"url\":\"https:\\\/\\\/lilleartup.com\\\/wp-content\\\/uploads\\\/2024\\\/11\\\/liekemarleenvankalken-lilxlylilxly.jpg\",\"contentUrl\":\"https:\\\/\\\/lilleartup.com\\\/wp-content\\\/uploads\\\/2024\\\/11\\\/liekemarleenvankalken-lilxlylilxly.jpg\",\"width\":720,\"height\":1080},{\"@type\":\"BreadcrumbList\",\"@id\":\"https:\\\/\\\/lilleartup.com\\\/en\\\/all-artists\\\/lilxlylilxly\\\/#breadcrumb\",\"itemListElement\":[{\"@type\":\"ListItem\",\"position\":1,\"name\":\"Home\",\"item\":\"https:\\\/\\\/lilleartup.com\\\/en\\\/\"},{\"@type\":\"ListItem\",\"position\":2,\"name\":\"Artistes\",\"item\":\"https:\\\/\\\/lilleartup.com\\\/en\\\/all-artists\\\/\"},{\"@type\":\"ListItem\",\"position\":3,\"name\":\"lilxlylilxly\"}]},{\"@type\":\"WebSite\",\"@id\":\"https:\\\/\\\/lilleartup.com\\\/en\\\/#website\",\"url\":\"https:\\\/\\\/lilleartup.com\\\/en\\\/\",\"name\":\"Lille art up!\",\"description\":\"\",\"potentialAction\":[{\"@type\":\"SearchAction\",\"target\":{\"@type\":\"EntryPoint\",\"urlTemplate\":\"https:\\\/\\\/lilleartup.com\\\/en\\\/?s={search_term_string}\"},\"query-input\":{\"@type\":\"PropertyValueSpecification\",\"valueRequired\":true,\"valueName\":\"search_term_string\"}}],\"inLanguage\":\"en-US\"}]}<\/script>\n<!-- \/ Yoast SEO plugin. -->","yoast_head_json":{"title":"lilxlylilxly - Lille art up!","robots":{"index":"index","follow":"follow","max-snippet":"max-snippet:-1","max-image-preview":"max-image-preview:large","max-video-preview":"max-video-preview:-1"},"og_locale":"en_US","og_type":"article","og_title":"lilxlylilxly - Lille art up!","og_description":"Charg\u00e9 mais dot\u00e9 d&#8217;un cerveau neurodiversifi\u00e9, je vois les choses diff\u00e9remment des masses. Je consid\u00e8re maintenant cette diff\u00e9rence comme un cadeau, un bel enrichissement \u00e0 la fois pour ma vie et pour mon art. On m\u2019a souvent dit que ma perception du monde ne refl\u00e9tait pas la r\u00e9alit\u00e9, mais \u00e0 mesure que j\u2019ai grandi, j\u2019ai [&hellip;]","og_url":"https:\/\/lilleartup.com\/en\/all-artists\/lilxlylilxly\/","og_site_name":"Lille art up!","og_image":[{"width":720,"height":1080,"url":"https:\/\/lilleartup.com\/wp-content\/uploads\/2024\/11\/liekemarleenvankalken-lilxlylilxly.jpg","type":"image\/jpeg"}],"twitter_card":"summary_large_image","twitter_misc":{"Est. reading time":"1 minute"},"schema":{"@context":"https:\/\/schema.org","@graph":[{"@type":"WebPage","@id":"https:\/\/lilleartup.com\/en\/all-artists\/lilxlylilxly\/","url":"https:\/\/lilleartup.com\/en\/all-artists\/lilxlylilxly\/","name":"lilxlylilxly - Lille art up!","isPartOf":{"@id":"https:\/\/lilleartup.com\/en\/#website"},"primaryImageOfPage":{"@id":"https:\/\/lilleartup.com\/en\/all-artists\/lilxlylilxly\/#primaryimage"},"image":{"@id":"https:\/\/lilleartup.com\/en\/all-artists\/lilxlylilxly\/#primaryimage"},"thumbnailUrl":"https:\/\/lilleartup.com\/wp-content\/uploads\/2024\/11\/liekemarleenvankalken-lilxlylilxly.jpg","datePublished":"2024-11-17T13:00:47+00:00","breadcrumb":{"@id":"https:\/\/lilleartup.com\/en\/all-artists\/lilxlylilxly\/#breadcrumb"},"inLanguage":"en-US","potentialAction":[{"@type":"ReadAction","target":["https:\/\/lilleartup.com\/en\/all-artists\/lilxlylilxly\/"]}]},{"@type":"ImageObject","inLanguage":"en-US","@id":"https:\/\/lilleartup.com\/en\/all-artists\/lilxlylilxly\/#primaryimage","url":"https:\/\/lilleartup.com\/wp-content\/uploads\/2024\/11\/liekemarleenvankalken-lilxlylilxly.jpg","contentUrl":"https:\/\/lilleartup.com\/wp-content\/uploads\/2024\/11\/liekemarleenvankalken-lilxlylilxly.jpg","width":720,"height":1080},{"@type":"BreadcrumbList","@id":"https:\/\/lilleartup.com\/en\/all-artists\/lilxlylilxly\/#breadcrumb","itemListElement":[{"@type":"ListItem","position":1,"name":"Home","item":"https:\/\/lilleartup.com\/en\/"},{"@type":"ListItem","position":2,"name":"Artistes","item":"https:\/\/lilleartup.com\/en\/all-artists\/"},{"@type":"ListItem","position":3,"name":"lilxlylilxly"}]},{"@type":"WebSite","@id":"https:\/\/lilleartup.com\/en\/#website","url":"https:\/\/lilleartup.com\/en\/","name":"Lille art up!","description":"","potentialAction":[{"@type":"SearchAction","target":{"@type":"EntryPoint","urlTemplate":"https:\/\/lilleartup.com\/en\/?s={search_term_string}"},"query-input":{"@type":"PropertyValueSpecification","valueRequired":true,"valueName":"search_term_string"}}],"inLanguage":"en-US"}]}},"_links":{"self":[{"href":"https:\/\/lilleartup.com\/en\/wp-json\/wp\/v2\/artist\/94402","targetHints":{"allow":["GET"]}}],"collection":[{"href":"https:\/\/lilleartup.com\/en\/wp-json\/wp\/v2\/artist"}],"about":[{"href":"https:\/\/lilleartup.com\/en\/wp-json\/wp\/v2\/types\/artist"}],"author":[{"embeddable":true,"href":"https:\/\/lilleartup.com\/en\/wp-json\/wp\/v2\/users\/716"}],"version-history":[{"count":1,"href":"https:\/\/lilleartup.com\/en\/wp-json\/wp\/v2\/artist\/94402\/revisions"}],"predecessor-version":[{"id":94752,"href":"https:\/\/lilleartup.com\/en\/wp-json\/wp\/v2\/artist\/94402\/revisions\/94752"}],"wp:featuredmedia":[{"embeddable":true,"href":"https:\/\/lilleartup.com\/en\/wp-json\/wp\/v2\/media\/94850"}],"wp:attachment":[{"href":"https:\/\/lilleartup.com\/en\/wp-json\/wp\/v2\/media?parent=94402"}],"wp:term":[{"taxonomy":"taxo_year_participe","embeddable":true,"href":"https:\/\/lilleartup.com\/en\/wp-json\/wp\/v2\/taxo_year_participe?post=94402"}],"curies":[{"name":"wp","href":"https:\/\/api.w.org\/{rel}","templated":true}]}}