{"id":91780,"date":"2024-11-05T10:40:39","date_gmt":"2024-11-05T09:40:39","guid":{"rendered":"https:\/\/lilleartup.com\/?post_type=artist&#038;p=91780"},"modified":"2025-01-20T12:06:19","modified_gmt":"2025-01-20T11:06:19","slug":"ludovic-dervillez","status":"publish","type":"artist","link":"https:\/\/lilleartup.com\/en\/all-artists\/ludovic-dervillez\/","title":{"rendered":"Ludovic Dervillez"},"content":{"rendered":"<p>P\u00e9tillant d\u2019une effervescence instinctive, Ludovic Dervillez nous pr\u00e9sente des \u0153uvres empreintes de mouvement, de libert\u00e9 et d\u2019exp\u00e9rimentation. Ses racines champenoises nourrissent les c\u00e9pages de sa peinture, une peinture d\u2019une abstraction brute et d\u2019une sensibilit\u00e9 \u00e0 fleur de toiles.<br \/>\nPromesse de l\u2019aube d\u2019une vie artistique, Ludovic Dervillez r\u00eave d\u00e8s l\u2019adolescence de rendre gr\u00e2ce aux surr\u00e9alistes en r\u00e9alisant lui aussi de belles toiles. Dipl\u00f4m\u00e9 de l&#8217;\u00c9cole Sup\u00e9rieure d&#8217;Art et de Design de Reims, il conjugue des ann\u00e9es durant son m\u00e9tier de graphiste et sa vie d\u2019artiste. Aujourd\u2019hui enti\u00e8rement vou\u00e9 \u00e0 sa passion, il investit quotidiennement son atelier en ce fief familial ancr\u00e9 en Champagne.<br \/>\nSon voyage au c\u0153ur de la cr\u00e9ation s\u2019effectue en des contr\u00e9es o\u00f9 r\u00e8gnent traits et couleurs. Libre et spontan\u00e9, il n\u2019h\u00e9site pas \u00e0 prendre des risques. Tel l\u2019aventurier qui ne peut \u00e9voquer des terres inconnues sans les avoir arpent\u00e9es, il s\u2019\u00e9vertue \u00e0 exp\u00e9rimenter, tatillonner, improviser aussi. Il ne peint pas une mais plusieurs toiles \u00e0 la fois, virevoltant de l\u2019une \u00e0 l\u2019autre. Il les saisit, les retourne, peint sur l\u2019envers o\u00f9 la surface se fait plus brute, plus poreuse. La toile se gorge de peinture, l\u2019ing\u00e8re pour mieux faire corps avec elle.<br \/>\nPoints de d\u00e9part, des t\u00e2ches surgissent, au bon endroit. Elles ponctuent l\u2019espace, se dispersent sur une toile enrichie de projections d\u2019huile de lin. Antidotes \u00e0 l\u2019inertie, elles insufflent le mouvement\u00a0par des graffitis color\u00e9s de craie \u00e0 l\u2019huile, des effusions de bombes, \u00c0 leur rencontre vient le trait. Mine de plomb, crayon, graphite, fusain, autant de lignes vives guident notre regard. Ici un trac\u00e9 zigzague jusqu\u2019\u00e0 un hibiscus carmin\u00e9, l\u00e0, un artifice joyeux d\u2019arcs, ellipses et autres sinuso\u00efdes viennent encercler voire traverser des champs de couleurs emplis d\u2019\u00e9nergie,<br \/>\nAux premi\u00e8res intentions jet\u00e9es sur toile, l\u00e9g\u00e8res et respirantes, se greffent les couleurs. De grands aplats voient leurs teintes brouill\u00e9es par autant d\u2019alliances de pigments dilu\u00e9s, venus contrarier une peinture fra\u00eeche et vive. De grands coups de pinceau hauts en couleurs alternent acrylique et huile. Ce passage d\u2019une technique \u00e0 l\u2019autre laisse des traces dont la lecture offre les cl\u00e9s de sa peinture, o\u00f9 une certaine retenue vient \u00e9quilibrer avec d\u00e9licatesse, vivacit\u00e9, \u00e9motion et mouvement.<br \/>\nInspir\u00e9 par la peinture contemporaine anglo-saxonne, il aime c\u00f4toyer des artistes \u00e9mergents de toutes nationalit\u00e9s, de nos voisins europ\u00e9ens au continent am\u00e9ricain. Heureux d\u2019investir dor\u00e9navant la capitale des Flandres, Ludovic Dervillez nous pr\u00e9sente son dernier cru.<\/p>\n","protected":false},"author":348,"featured_media":91864,"template":"","taxo_year_participe":[136],"class_list":["post-91780","artist","type-artist","status-publish","has-post-thumbnail","hentry"],"acf":[],"yoast_head":"<!-- This site is optimized with the Yoast SEO plugin v27.4 - https:\/\/yoast.com\/product\/yoast-seo-wordpress\/ -->\n<title>Ludovic Dervillez - Lille art up!<\/title>\n<meta name=\"robots\" content=\"index, follow, max-snippet:-1, max-image-preview:large, max-video-preview:-1\" \/>\n<meta property=\"og:locale\" content=\"en_US\" \/>\n<meta property=\"og:type\" content=\"article\" \/>\n<meta property=\"og:title\" content=\"Ludovic Dervillez - Lille art up!\" \/>\n<meta property=\"og:description\" content=\"P\u00e9tillant d\u2019une effervescence instinctive, Ludovic Dervillez nous pr\u00e9sente des \u0153uvres empreintes de mouvement, de libert\u00e9 et d\u2019exp\u00e9rimentation. Ses racines champenoises nourrissent les c\u00e9pages de sa peinture, une peinture d\u2019une abstraction brute et d\u2019une sensibilit\u00e9 \u00e0 fleur de toiles. Promesse de l\u2019aube d\u2019une vie artistique, Ludovic Dervillez r\u00eave d\u00e8s l\u2019adolescence de rendre gr\u00e2ce aux surr\u00e9alistes en [&hellip;]\" \/>\n<meta property=\"og:url\" content=\"https:\/\/lilleartup.com\/en\/all-artists\/ludovic-dervillez\/\" \/>\n<meta property=\"og:site_name\" content=\"Lille art up!\" \/>\n<meta property=\"article:modified_time\" content=\"2025-01-20T11:06:19+00:00\" \/>\n<meta property=\"og:image\" content=\"https:\/\/lilleartup.com\/wp-content\/uploads\/2024\/11\/Portrait-Ludovic-Dervillez-1.jpg\" \/>\n\t<meta property=\"og:image:width\" content=\"931\" \/>\n\t<meta property=\"og:image:height\" content=\"1044\" \/>\n\t<meta property=\"og:image:type\" content=\"image\/jpeg\" \/>\n<meta name=\"twitter:card\" content=\"summary_large_image\" \/>\n<meta name=\"twitter:label1\" content=\"Est. reading time\" \/>\n\t<meta name=\"twitter:data1\" content=\"2 minutes\" \/>\n<script type=\"application\/ld+json\" class=\"yoast-schema-graph\">{\"@context\":\"https:\\\/\\\/schema.org\",\"@graph\":[{\"@type\":\"WebPage\",\"@id\":\"https:\\\/\\\/lilleartup.com\\\/en\\\/all-artists\\\/ludovic-dervillez\\\/\",\"url\":\"https:\\\/\\\/lilleartup.com\\\/en\\\/all-artists\\\/ludovic-dervillez\\\/\",\"name\":\"Ludovic Dervillez - Lille art up!\",\"isPartOf\":{\"@id\":\"https:\\\/\\\/lilleartup.com\\\/en\\\/#website\"},\"primaryImageOfPage\":{\"@id\":\"https:\\\/\\\/lilleartup.com\\\/en\\\/all-artists\\\/ludovic-dervillez\\\/#primaryimage\"},\"image\":{\"@id\":\"https:\\\/\\\/lilleartup.com\\\/en\\\/all-artists\\\/ludovic-dervillez\\\/#primaryimage\"},\"thumbnailUrl\":\"https:\\\/\\\/lilleartup.com\\\/wp-content\\\/uploads\\\/2024\\\/11\\\/Portrait-Ludovic-Dervillez-1.jpg\",\"datePublished\":\"2024-11-05T09:40:39+00:00\",\"dateModified\":\"2025-01-20T11:06:19+00:00\",\"breadcrumb\":{\"@id\":\"https:\\\/\\\/lilleartup.com\\\/en\\\/all-artists\\\/ludovic-dervillez\\\/#breadcrumb\"},\"inLanguage\":\"en-US\",\"potentialAction\":[{\"@type\":\"ReadAction\",\"target\":[\"https:\\\/\\\/lilleartup.com\\\/en\\\/all-artists\\\/ludovic-dervillez\\\/\"]}]},{\"@type\":\"ImageObject\",\"inLanguage\":\"en-US\",\"@id\":\"https:\\\/\\\/lilleartup.com\\\/en\\\/all-artists\\\/ludovic-dervillez\\\/#primaryimage\",\"url\":\"https:\\\/\\\/lilleartup.com\\\/wp-content\\\/uploads\\\/2024\\\/11\\\/Portrait-Ludovic-Dervillez-1.jpg\",\"contentUrl\":\"https:\\\/\\\/lilleartup.com\\\/wp-content\\\/uploads\\\/2024\\\/11\\\/Portrait-Ludovic-Dervillez-1.jpg\",\"width\":931,\"height\":1044},{\"@type\":\"BreadcrumbList\",\"@id\":\"https:\\\/\\\/lilleartup.com\\\/en\\\/all-artists\\\/ludovic-dervillez\\\/#breadcrumb\",\"itemListElement\":[{\"@type\":\"ListItem\",\"position\":1,\"name\":\"Home\",\"item\":\"https:\\\/\\\/lilleartup.com\\\/en\\\/\"},{\"@type\":\"ListItem\",\"position\":2,\"name\":\"Artistes\",\"item\":\"https:\\\/\\\/lilleartup.com\\\/en\\\/all-artists\\\/\"},{\"@type\":\"ListItem\",\"position\":3,\"name\":\"Ludovic Dervillez\"}]},{\"@type\":\"WebSite\",\"@id\":\"https:\\\/\\\/lilleartup.com\\\/en\\\/#website\",\"url\":\"https:\\\/\\\/lilleartup.com\\\/en\\\/\",\"name\":\"Lille art up!\",\"description\":\"\",\"potentialAction\":[{\"@type\":\"SearchAction\",\"target\":{\"@type\":\"EntryPoint\",\"urlTemplate\":\"https:\\\/\\\/lilleartup.com\\\/en\\\/?s={search_term_string}\"},\"query-input\":{\"@type\":\"PropertyValueSpecification\",\"valueRequired\":true,\"valueName\":\"search_term_string\"}}],\"inLanguage\":\"en-US\"}]}<\/script>\n<!-- \/ Yoast SEO plugin. -->","yoast_head_json":{"title":"Ludovic Dervillez - Lille art up!","robots":{"index":"index","follow":"follow","max-snippet":"max-snippet:-1","max-image-preview":"max-image-preview:large","max-video-preview":"max-video-preview:-1"},"og_locale":"en_US","og_type":"article","og_title":"Ludovic Dervillez - Lille art up!","og_description":"P\u00e9tillant d\u2019une effervescence instinctive, Ludovic Dervillez nous pr\u00e9sente des \u0153uvres empreintes de mouvement, de libert\u00e9 et d\u2019exp\u00e9rimentation. Ses racines champenoises nourrissent les c\u00e9pages de sa peinture, une peinture d\u2019une abstraction brute et d\u2019une sensibilit\u00e9 \u00e0 fleur de toiles. Promesse de l\u2019aube d\u2019une vie artistique, Ludovic Dervillez r\u00eave d\u00e8s l\u2019adolescence de rendre gr\u00e2ce aux surr\u00e9alistes en [&hellip;]","og_url":"https:\/\/lilleartup.com\/en\/all-artists\/ludovic-dervillez\/","og_site_name":"Lille art up!","article_modified_time":"2025-01-20T11:06:19+00:00","og_image":[{"width":931,"height":1044,"url":"https:\/\/lilleartup.com\/wp-content\/uploads\/2024\/11\/Portrait-Ludovic-Dervillez-1.jpg","type":"image\/jpeg"}],"twitter_card":"summary_large_image","twitter_misc":{"Est. reading time":"2 minutes"},"schema":{"@context":"https:\/\/schema.org","@graph":[{"@type":"WebPage","@id":"https:\/\/lilleartup.com\/en\/all-artists\/ludovic-dervillez\/","url":"https:\/\/lilleartup.com\/en\/all-artists\/ludovic-dervillez\/","name":"Ludovic Dervillez - Lille art up!","isPartOf":{"@id":"https:\/\/lilleartup.com\/en\/#website"},"primaryImageOfPage":{"@id":"https:\/\/lilleartup.com\/en\/all-artists\/ludovic-dervillez\/#primaryimage"},"image":{"@id":"https:\/\/lilleartup.com\/en\/all-artists\/ludovic-dervillez\/#primaryimage"},"thumbnailUrl":"https:\/\/lilleartup.com\/wp-content\/uploads\/2024\/11\/Portrait-Ludovic-Dervillez-1.jpg","datePublished":"2024-11-05T09:40:39+00:00","dateModified":"2025-01-20T11:06:19+00:00","breadcrumb":{"@id":"https:\/\/lilleartup.com\/en\/all-artists\/ludovic-dervillez\/#breadcrumb"},"inLanguage":"en-US","potentialAction":[{"@type":"ReadAction","target":["https:\/\/lilleartup.com\/en\/all-artists\/ludovic-dervillez\/"]}]},{"@type":"ImageObject","inLanguage":"en-US","@id":"https:\/\/lilleartup.com\/en\/all-artists\/ludovic-dervillez\/#primaryimage","url":"https:\/\/lilleartup.com\/wp-content\/uploads\/2024\/11\/Portrait-Ludovic-Dervillez-1.jpg","contentUrl":"https:\/\/lilleartup.com\/wp-content\/uploads\/2024\/11\/Portrait-Ludovic-Dervillez-1.jpg","width":931,"height":1044},{"@type":"BreadcrumbList","@id":"https:\/\/lilleartup.com\/en\/all-artists\/ludovic-dervillez\/#breadcrumb","itemListElement":[{"@type":"ListItem","position":1,"name":"Home","item":"https:\/\/lilleartup.com\/en\/"},{"@type":"ListItem","position":2,"name":"Artistes","item":"https:\/\/lilleartup.com\/en\/all-artists\/"},{"@type":"ListItem","position":3,"name":"Ludovic Dervillez"}]},{"@type":"WebSite","@id":"https:\/\/lilleartup.com\/en\/#website","url":"https:\/\/lilleartup.com\/en\/","name":"Lille art up!","description":"","potentialAction":[{"@type":"SearchAction","target":{"@type":"EntryPoint","urlTemplate":"https:\/\/lilleartup.com\/en\/?s={search_term_string}"},"query-input":{"@type":"PropertyValueSpecification","valueRequired":true,"valueName":"search_term_string"}}],"inLanguage":"en-US"}]}},"_links":{"self":[{"href":"https:\/\/lilleartup.com\/en\/wp-json\/wp\/v2\/artist\/91780","targetHints":{"allow":["GET"]}}],"collection":[{"href":"https:\/\/lilleartup.com\/en\/wp-json\/wp\/v2\/artist"}],"about":[{"href":"https:\/\/lilleartup.com\/en\/wp-json\/wp\/v2\/types\/artist"}],"author":[{"embeddable":true,"href":"https:\/\/lilleartup.com\/en\/wp-json\/wp\/v2\/users\/348"}],"version-history":[{"count":2,"href":"https:\/\/lilleartup.com\/en\/wp-json\/wp\/v2\/artist\/91780\/revisions"}],"predecessor-version":[{"id":104781,"href":"https:\/\/lilleartup.com\/en\/wp-json\/wp\/v2\/artist\/91780\/revisions\/104781"}],"wp:featuredmedia":[{"embeddable":true,"href":"https:\/\/lilleartup.com\/en\/wp-json\/wp\/v2\/media\/91864"}],"wp:attachment":[{"href":"https:\/\/lilleartup.com\/en\/wp-json\/wp\/v2\/media?parent=91780"}],"wp:term":[{"taxonomy":"taxo_year_participe","embeddable":true,"href":"https:\/\/lilleartup.com\/en\/wp-json\/wp\/v2\/taxo_year_participe?post=91780"}],"curies":[{"name":"wp","href":"https:\/\/api.w.org\/{rel}","templated":true}]}}