{"id":104435,"date":"2025-01-17T09:22:25","date_gmt":"2025-01-17T08:22:25","guid":{"rendered":"https:\/\/lilleartup.com\/?post_type=artist&#038;p=104435"},"modified":"2025-01-23T09:55:30","modified_gmt":"2025-01-23T08:55:30","slug":"le-louvre-lens","status":"publish","type":"artist","link":"https:\/\/lilleartup.com\/en\/all-artists\/le-louvre-lens\/","title":{"rendered":"Le Louvre-Lens"},"content":{"rendered":"<p>Inaugur\u00e9 en 2012, le Louvre-Lens \u2013 unique antenne fran\u00e7aise du Louvre en dehors du mus\u00e9e parisien \u2013 rayonne au coeur du bassin minier du Nord-Pas-de-Calais, v\u00e9ritable trait d\u2019union entre le pass\u00e9 et l\u2019avenir.<br \/>\nAu centre de ce b\u00e2timent, de verre et de lumi\u00e8re et aux lignes \u00e9pur\u00e9es, chef-d\u2019oeuvre de l\u2019agence d\u2019architecture Sanaa, se d\u00e9ploie la Galerie du temps, un espace de 3000 m2 conviant les visiteurs \u00e0 un voyage \u00e0 travers 5000 ans d\u2019histoire de l\u2019art. Le 4 d\u00e9cembre 2024, cet espace in\u00e9dit fait peau neuve proposant un nouveau parcours renouvel\u00e9 pr\u00e9sentant des \u0153uvres majoritairement issues du Louvre, o\u00f9 dialogueront les \u00e9poques, les techniques et les civilisations.<br \/>\nDe la M\u00e9sopotamie \u00e0 l\u2019\u00c9gypte antique, du Quattrocento italien \u00e0 la Renaissance fran\u00e7aise ou bien des arts de l\u2019Islam aux sculptures africaines, ce nouvel espace mus\u00e9ographique, libre et d\u00e9cloisonn\u00e9, invite \u00e0 d\u00e9couvrir certaines des plus belles cr\u00e9ations de l\u2019humanit\u00e9. En un seul regard, la beaut\u00e9 du monde s\u2019offre \u00e0 vous.<br \/>\nL\u2019occasion de d\u00e9couvrir ou red\u00e9couvrir ce lieu embl\u00e9matique, dont l\u2019architecture et son magnifique parc de 20 hectares, cr\u00e9ation de la paysagiste Catherine Mosbach, sont parcourus par 500 000 visiteurs chaque ann\u00e9e.<br \/>\nIllustr\u00e9 par une campagne photographique in\u00e9dite, cet ouvrage permet non seulement de d\u00e9couvrir ces nouvelles \u0153uvres, mais propose \u00e9galement de revenir sur la gen\u00e8se et les temps forts de ce lieu incontournable. Enfin, les liens ind\u00e9niables tiss\u00e9s entre le mus\u00e9e, le bassin minier et ses habitants sont \u00e9galement mis en lumi\u00e8re.<\/p>\n","protected":false},"author":21,"featured_media":104436,"template":"","taxo_year_participe":[136],"class_list":["post-104435","artist","type-artist","status-publish","has-post-thumbnail","hentry"],"acf":[],"yoast_head":"<!-- This site is optimized with the Yoast SEO plugin v27.4 - https:\/\/yoast.com\/product\/yoast-seo-wordpress\/ -->\n<title>Le Louvre-Lens - Lille art up!<\/title>\n<meta name=\"robots\" content=\"index, follow, max-snippet:-1, max-image-preview:large, max-video-preview:-1\" \/>\n<meta property=\"og:locale\" content=\"en_US\" \/>\n<meta property=\"og:type\" content=\"article\" \/>\n<meta property=\"og:title\" content=\"Le Louvre-Lens - Lille art up!\" \/>\n<meta property=\"og:description\" content=\"Inaugur\u00e9 en 2012, le Louvre-Lens \u2013 unique antenne fran\u00e7aise du Louvre en dehors du mus\u00e9e parisien \u2013 rayonne au coeur du bassin minier du Nord-Pas-de-Calais, v\u00e9ritable trait d\u2019union entre le pass\u00e9 et l\u2019avenir. Au centre de ce b\u00e2timent, de verre et de lumi\u00e8re et aux lignes \u00e9pur\u00e9es, chef-d\u2019oeuvre de l\u2019agence d\u2019architecture Sanaa, se d\u00e9ploie la [&hellip;]\" \/>\n<meta property=\"og:url\" content=\"https:\/\/lilleartup.com\/en\/all-artists\/le-louvre-lens\/\" \/>\n<meta property=\"og:site_name\" content=\"Lille art up!\" \/>\n<meta property=\"article:modified_time\" content=\"2025-01-23T08:55:30+00:00\" \/>\n<meta property=\"og:image\" content=\"https:\/\/lilleartup.com\/wp-content\/uploads\/2025\/01\/COUV_LOUVRE-LENS-scaled.jpg\" \/>\n\t<meta property=\"og:image:width\" content=\"786\" \/>\n\t<meta property=\"og:image:height\" content=\"1080\" \/>\n\t<meta property=\"og:image:type\" content=\"image\/jpeg\" \/>\n<meta name=\"twitter:card\" content=\"summary_large_image\" \/>\n<meta name=\"twitter:label1\" content=\"Est. reading time\" \/>\n\t<meta name=\"twitter:data1\" content=\"1 minute\" \/>\n<script type=\"application\/ld+json\" class=\"yoast-schema-graph\">{\"@context\":\"https:\\\/\\\/schema.org\",\"@graph\":[{\"@type\":\"WebPage\",\"@id\":\"https:\\\/\\\/lilleartup.com\\\/en\\\/all-artists\\\/le-louvre-lens\\\/\",\"url\":\"https:\\\/\\\/lilleartup.com\\\/en\\\/all-artists\\\/le-louvre-lens\\\/\",\"name\":\"Le Louvre-Lens - Lille art up!\",\"isPartOf\":{\"@id\":\"https:\\\/\\\/lilleartup.com\\\/en\\\/#website\"},\"primaryImageOfPage\":{\"@id\":\"https:\\\/\\\/lilleartup.com\\\/en\\\/all-artists\\\/le-louvre-lens\\\/#primaryimage\"},\"image\":{\"@id\":\"https:\\\/\\\/lilleartup.com\\\/en\\\/all-artists\\\/le-louvre-lens\\\/#primaryimage\"},\"thumbnailUrl\":\"https:\\\/\\\/lilleartup.com\\\/wp-content\\\/uploads\\\/2025\\\/01\\\/COUV_LOUVRE-LENS-scaled.jpg\",\"datePublished\":\"2025-01-17T08:22:25+00:00\",\"dateModified\":\"2025-01-23T08:55:30+00:00\",\"breadcrumb\":{\"@id\":\"https:\\\/\\\/lilleartup.com\\\/en\\\/all-artists\\\/le-louvre-lens\\\/#breadcrumb\"},\"inLanguage\":\"en-US\",\"potentialAction\":[{\"@type\":\"ReadAction\",\"target\":[\"https:\\\/\\\/lilleartup.com\\\/en\\\/all-artists\\\/le-louvre-lens\\\/\"]}]},{\"@type\":\"ImageObject\",\"inLanguage\":\"en-US\",\"@id\":\"https:\\\/\\\/lilleartup.com\\\/en\\\/all-artists\\\/le-louvre-lens\\\/#primaryimage\",\"url\":\"https:\\\/\\\/lilleartup.com\\\/wp-content\\\/uploads\\\/2025\\\/01\\\/COUV_LOUVRE-LENS-scaled.jpg\",\"contentUrl\":\"https:\\\/\\\/lilleartup.com\\\/wp-content\\\/uploads\\\/2025\\\/01\\\/COUV_LOUVRE-LENS-scaled.jpg\",\"width\":786,\"height\":1080},{\"@type\":\"BreadcrumbList\",\"@id\":\"https:\\\/\\\/lilleartup.com\\\/en\\\/all-artists\\\/le-louvre-lens\\\/#breadcrumb\",\"itemListElement\":[{\"@type\":\"ListItem\",\"position\":1,\"name\":\"Home\",\"item\":\"https:\\\/\\\/lilleartup.com\\\/en\\\/\"},{\"@type\":\"ListItem\",\"position\":2,\"name\":\"Artistes\",\"item\":\"https:\\\/\\\/lilleartup.com\\\/en\\\/all-artists\\\/\"},{\"@type\":\"ListItem\",\"position\":3,\"name\":\"Le Louvre-Lens\"}]},{\"@type\":\"WebSite\",\"@id\":\"https:\\\/\\\/lilleartup.com\\\/en\\\/#website\",\"url\":\"https:\\\/\\\/lilleartup.com\\\/en\\\/\",\"name\":\"Lille art up!\",\"description\":\"\",\"potentialAction\":[{\"@type\":\"SearchAction\",\"target\":{\"@type\":\"EntryPoint\",\"urlTemplate\":\"https:\\\/\\\/lilleartup.com\\\/en\\\/?s={search_term_string}\"},\"query-input\":{\"@type\":\"PropertyValueSpecification\",\"valueRequired\":true,\"valueName\":\"search_term_string\"}}],\"inLanguage\":\"en-US\"}]}<\/script>\n<!-- \/ Yoast SEO plugin. -->","yoast_head_json":{"title":"Le Louvre-Lens - Lille art up!","robots":{"index":"index","follow":"follow","max-snippet":"max-snippet:-1","max-image-preview":"max-image-preview:large","max-video-preview":"max-video-preview:-1"},"og_locale":"en_US","og_type":"article","og_title":"Le Louvre-Lens - Lille art up!","og_description":"Inaugur\u00e9 en 2012, le Louvre-Lens \u2013 unique antenne fran\u00e7aise du Louvre en dehors du mus\u00e9e parisien \u2013 rayonne au coeur du bassin minier du Nord-Pas-de-Calais, v\u00e9ritable trait d\u2019union entre le pass\u00e9 et l\u2019avenir. Au centre de ce b\u00e2timent, de verre et de lumi\u00e8re et aux lignes \u00e9pur\u00e9es, chef-d\u2019oeuvre de l\u2019agence d\u2019architecture Sanaa, se d\u00e9ploie la [&hellip;]","og_url":"https:\/\/lilleartup.com\/en\/all-artists\/le-louvre-lens\/","og_site_name":"Lille art up!","article_modified_time":"2025-01-23T08:55:30+00:00","og_image":[{"width":786,"height":1080,"url":"https:\/\/lilleartup.com\/wp-content\/uploads\/2025\/01\/COUV_LOUVRE-LENS-scaled.jpg","type":"image\/jpeg"}],"twitter_card":"summary_large_image","twitter_misc":{"Est. reading time":"1 minute"},"schema":{"@context":"https:\/\/schema.org","@graph":[{"@type":"WebPage","@id":"https:\/\/lilleartup.com\/en\/all-artists\/le-louvre-lens\/","url":"https:\/\/lilleartup.com\/en\/all-artists\/le-louvre-lens\/","name":"Le Louvre-Lens - Lille art up!","isPartOf":{"@id":"https:\/\/lilleartup.com\/en\/#website"},"primaryImageOfPage":{"@id":"https:\/\/lilleartup.com\/en\/all-artists\/le-louvre-lens\/#primaryimage"},"image":{"@id":"https:\/\/lilleartup.com\/en\/all-artists\/le-louvre-lens\/#primaryimage"},"thumbnailUrl":"https:\/\/lilleartup.com\/wp-content\/uploads\/2025\/01\/COUV_LOUVRE-LENS-scaled.jpg","datePublished":"2025-01-17T08:22:25+00:00","dateModified":"2025-01-23T08:55:30+00:00","breadcrumb":{"@id":"https:\/\/lilleartup.com\/en\/all-artists\/le-louvre-lens\/#breadcrumb"},"inLanguage":"en-US","potentialAction":[{"@type":"ReadAction","target":["https:\/\/lilleartup.com\/en\/all-artists\/le-louvre-lens\/"]}]},{"@type":"ImageObject","inLanguage":"en-US","@id":"https:\/\/lilleartup.com\/en\/all-artists\/le-louvre-lens\/#primaryimage","url":"https:\/\/lilleartup.com\/wp-content\/uploads\/2025\/01\/COUV_LOUVRE-LENS-scaled.jpg","contentUrl":"https:\/\/lilleartup.com\/wp-content\/uploads\/2025\/01\/COUV_LOUVRE-LENS-scaled.jpg","width":786,"height":1080},{"@type":"BreadcrumbList","@id":"https:\/\/lilleartup.com\/en\/all-artists\/le-louvre-lens\/#breadcrumb","itemListElement":[{"@type":"ListItem","position":1,"name":"Home","item":"https:\/\/lilleartup.com\/en\/"},{"@type":"ListItem","position":2,"name":"Artistes","item":"https:\/\/lilleartup.com\/en\/all-artists\/"},{"@type":"ListItem","position":3,"name":"Le Louvre-Lens"}]},{"@type":"WebSite","@id":"https:\/\/lilleartup.com\/en\/#website","url":"https:\/\/lilleartup.com\/en\/","name":"Lille art up!","description":"","potentialAction":[{"@type":"SearchAction","target":{"@type":"EntryPoint","urlTemplate":"https:\/\/lilleartup.com\/en\/?s={search_term_string}"},"query-input":{"@type":"PropertyValueSpecification","valueRequired":true,"valueName":"search_term_string"}}],"inLanguage":"en-US"}]}},"_links":{"self":[{"href":"https:\/\/lilleartup.com\/en\/wp-json\/wp\/v2\/artist\/104435","targetHints":{"allow":["GET"]}}],"collection":[{"href":"https:\/\/lilleartup.com\/en\/wp-json\/wp\/v2\/artist"}],"about":[{"href":"https:\/\/lilleartup.com\/en\/wp-json\/wp\/v2\/types\/artist"}],"author":[{"embeddable":true,"href":"https:\/\/lilleartup.com\/en\/wp-json\/wp\/v2\/users\/21"}],"version-history":[{"count":2,"href":"https:\/\/lilleartup.com\/en\/wp-json\/wp\/v2\/artist\/104435\/revisions"}],"predecessor-version":[{"id":105936,"href":"https:\/\/lilleartup.com\/en\/wp-json\/wp\/v2\/artist\/104435\/revisions\/105936"}],"wp:featuredmedia":[{"embeddable":true,"href":"https:\/\/lilleartup.com\/en\/wp-json\/wp\/v2\/media\/104436"}],"wp:attachment":[{"href":"https:\/\/lilleartup.com\/en\/wp-json\/wp\/v2\/media?parent=104435"}],"wp:term":[{"taxonomy":"taxo_year_participe","embeddable":true,"href":"https:\/\/lilleartup.com\/en\/wp-json\/wp\/v2\/taxo_year_participe?post=104435"}],"curies":[{"name":"wp","href":"https:\/\/api.w.org\/{rel}","templated":true}]}}