{"id":104419,"date":"2025-01-17T09:22:25","date_gmt":"2025-01-17T08:22:25","guid":{"rendered":"https:\/\/lilleartup.com\/?post_type=artist&#038;p=104419"},"modified":"2025-01-23T09:55:19","modified_gmt":"2025-01-23T08:55:19","slug":"lart-du-dessin","status":"publish","type":"artist","link":"https:\/\/lilleartup.com\/en\/all-artists\/lart-du-dessin\/","title":{"rendered":"L&rsquo;art du dessin"},"content":{"rendered":"<p>L\u2019enjeu passionnant de cet ouvrage est de revenir au triple sens du mot dess[e]in : celui de projet, de recherche, d\u2019\u00e9tude, de pens\u00e9e (sens intellectuel), tout comme celui de ligne, de d\u00e9lin\u00e9ation, de surface (sens formel) \u00e0 l\u2019aide du crayon, de la plume, du pinceau (sens mat\u00e9riel).<br \/>\n\u00c9cartant une approche classique par si\u00e8cles et par \u00e9coles (l\u2019\u00e9cole italienne et ses subdivisions r\u00e9gionales, l\u2019\u00e9cole fran\u00e7aise, l\u2019\u00e9cole nordique, etc.), l\u2019auteur m\u00e8ne une investigation approfondie \u00e0 partir des pratiques d\u2019atelier et des proc\u00e9d\u00e9s de recherche graphique employ\u00e9s par les dessinateurs pour \u00e9tudier les formes \u00e0 venir de leur composition. De la premi\u00e8re pens\u00e9e \u00e0 l\u2019esquisse aboutie, c\u2019est toute la gen\u00e8se des \u0153uvres qui se d\u00e9voile sous nos yeux. Privil\u00e9giant une pr\u00e9sentation th\u00e9matique, de la fin du Moyen \u00c2ge au xxe si\u00e8cle, les \u00ab dessins de ma\u00eetre \u00bb convoqu\u00e9s redonnent au m\u00e9dium sa dimension exploratoire et pr\u00e9paratoire \u00e0 une oeuvre d\u2019art, qualit\u00e9 jusqu\u2019ici peu \u00e9tudi\u00e9e.<br \/>\nPlus de 300 feuilles, certaines regroup\u00e9es en s\u00e9quences d\u00e9monstratives \u00e0 l\u2019aide de d\u00e9pliants \u2013 dont La Madone au long cou du Parmigianino et Les Demoiselles d\u2019Avignon de Picasso \u2013, \u00e9tayent cette captivante immersion dans le laboratoire de la cr\u00e9ation artistique.<\/p>\n","protected":false},"author":21,"featured_media":104420,"template":"","taxo_year_participe":[136],"class_list":["post-104419","artist","type-artist","status-publish","has-post-thumbnail","hentry"],"acf":[],"yoast_head":"<!-- This site is optimized with the Yoast SEO plugin v27.4 - https:\/\/yoast.com\/product\/yoast-seo-wordpress\/ -->\n<title>L&rsquo;art du dessin - Lille art up!<\/title>\n<meta name=\"robots\" content=\"index, follow, max-snippet:-1, max-image-preview:large, max-video-preview:-1\" \/>\n<meta property=\"og:locale\" content=\"en_US\" \/>\n<meta property=\"og:type\" content=\"article\" \/>\n<meta property=\"og:title\" content=\"L&rsquo;art du dessin - Lille art up!\" \/>\n<meta property=\"og:description\" content=\"L\u2019enjeu passionnant de cet ouvrage est de revenir au triple sens du mot dess[e]in : celui de projet, de recherche, d\u2019\u00e9tude, de pens\u00e9e (sens intellectuel), tout comme celui de ligne, de d\u00e9lin\u00e9ation, de surface (sens formel) \u00e0 l\u2019aide du crayon, de la plume, du pinceau (sens mat\u00e9riel). \u00c9cartant une approche classique par si\u00e8cles et par [&hellip;]\" \/>\n<meta property=\"og:url\" content=\"https:\/\/lilleartup.com\/en\/all-artists\/lart-du-dessin\/\" \/>\n<meta property=\"og:site_name\" content=\"Lille art up!\" \/>\n<meta property=\"article:modified_time\" content=\"2025-01-23T08:55:19+00:00\" \/>\n<meta property=\"og:image\" content=\"https:\/\/lilleartup.com\/wp-content\/uploads\/2025\/01\/COUV_Dessin_-scaled.jpg\" \/>\n\t<meta property=\"og:image:width\" content=\"857\" \/>\n\t<meta property=\"og:image:height\" content=\"1080\" \/>\n\t<meta property=\"og:image:type\" content=\"image\/jpeg\" \/>\n<meta name=\"twitter:card\" content=\"summary_large_image\" \/>\n<meta name=\"twitter:label1\" content=\"Est. reading time\" \/>\n\t<meta name=\"twitter:data1\" content=\"1 minute\" \/>\n<script type=\"application\/ld+json\" class=\"yoast-schema-graph\">{\"@context\":\"https:\\\/\\\/schema.org\",\"@graph\":[{\"@type\":\"WebPage\",\"@id\":\"https:\\\/\\\/lilleartup.com\\\/en\\\/all-artists\\\/lart-du-dessin\\\/\",\"url\":\"https:\\\/\\\/lilleartup.com\\\/en\\\/all-artists\\\/lart-du-dessin\\\/\",\"name\":\"L&rsquo;art du dessin - Lille art up!\",\"isPartOf\":{\"@id\":\"https:\\\/\\\/lilleartup.com\\\/en\\\/#website\"},\"primaryImageOfPage\":{\"@id\":\"https:\\\/\\\/lilleartup.com\\\/en\\\/all-artists\\\/lart-du-dessin\\\/#primaryimage\"},\"image\":{\"@id\":\"https:\\\/\\\/lilleartup.com\\\/en\\\/all-artists\\\/lart-du-dessin\\\/#primaryimage\"},\"thumbnailUrl\":\"https:\\\/\\\/lilleartup.com\\\/wp-content\\\/uploads\\\/2025\\\/01\\\/COUV_Dessin_-scaled.jpg\",\"datePublished\":\"2025-01-17T08:22:25+00:00\",\"dateModified\":\"2025-01-23T08:55:19+00:00\",\"breadcrumb\":{\"@id\":\"https:\\\/\\\/lilleartup.com\\\/en\\\/all-artists\\\/lart-du-dessin\\\/#breadcrumb\"},\"inLanguage\":\"en-US\",\"potentialAction\":[{\"@type\":\"ReadAction\",\"target\":[\"https:\\\/\\\/lilleartup.com\\\/en\\\/all-artists\\\/lart-du-dessin\\\/\"]}]},{\"@type\":\"ImageObject\",\"inLanguage\":\"en-US\",\"@id\":\"https:\\\/\\\/lilleartup.com\\\/en\\\/all-artists\\\/lart-du-dessin\\\/#primaryimage\",\"url\":\"https:\\\/\\\/lilleartup.com\\\/wp-content\\\/uploads\\\/2025\\\/01\\\/COUV_Dessin_-scaled.jpg\",\"contentUrl\":\"https:\\\/\\\/lilleartup.com\\\/wp-content\\\/uploads\\\/2025\\\/01\\\/COUV_Dessin_-scaled.jpg\",\"width\":857,\"height\":1080},{\"@type\":\"BreadcrumbList\",\"@id\":\"https:\\\/\\\/lilleartup.com\\\/en\\\/all-artists\\\/lart-du-dessin\\\/#breadcrumb\",\"itemListElement\":[{\"@type\":\"ListItem\",\"position\":1,\"name\":\"Home\",\"item\":\"https:\\\/\\\/lilleartup.com\\\/en\\\/\"},{\"@type\":\"ListItem\",\"position\":2,\"name\":\"Artistes\",\"item\":\"https:\\\/\\\/lilleartup.com\\\/en\\\/all-artists\\\/\"},{\"@type\":\"ListItem\",\"position\":3,\"name\":\"L&rsquo;art du dessin\"}]},{\"@type\":\"WebSite\",\"@id\":\"https:\\\/\\\/lilleartup.com\\\/en\\\/#website\",\"url\":\"https:\\\/\\\/lilleartup.com\\\/en\\\/\",\"name\":\"Lille art up!\",\"description\":\"\",\"potentialAction\":[{\"@type\":\"SearchAction\",\"target\":{\"@type\":\"EntryPoint\",\"urlTemplate\":\"https:\\\/\\\/lilleartup.com\\\/en\\\/?s={search_term_string}\"},\"query-input\":{\"@type\":\"PropertyValueSpecification\",\"valueRequired\":true,\"valueName\":\"search_term_string\"}}],\"inLanguage\":\"en-US\"}]}<\/script>\n<!-- \/ Yoast SEO plugin. -->","yoast_head_json":{"title":"L&rsquo;art du dessin - Lille art up!","robots":{"index":"index","follow":"follow","max-snippet":"max-snippet:-1","max-image-preview":"max-image-preview:large","max-video-preview":"max-video-preview:-1"},"og_locale":"en_US","og_type":"article","og_title":"L&rsquo;art du dessin - Lille art up!","og_description":"L\u2019enjeu passionnant de cet ouvrage est de revenir au triple sens du mot dess[e]in : celui de projet, de recherche, d\u2019\u00e9tude, de pens\u00e9e (sens intellectuel), tout comme celui de ligne, de d\u00e9lin\u00e9ation, de surface (sens formel) \u00e0 l\u2019aide du crayon, de la plume, du pinceau (sens mat\u00e9riel). \u00c9cartant une approche classique par si\u00e8cles et par [&hellip;]","og_url":"https:\/\/lilleartup.com\/en\/all-artists\/lart-du-dessin\/","og_site_name":"Lille art up!","article_modified_time":"2025-01-23T08:55:19+00:00","og_image":[{"width":857,"height":1080,"url":"https:\/\/lilleartup.com\/wp-content\/uploads\/2025\/01\/COUV_Dessin_-scaled.jpg","type":"image\/jpeg"}],"twitter_card":"summary_large_image","twitter_misc":{"Est. reading time":"1 minute"},"schema":{"@context":"https:\/\/schema.org","@graph":[{"@type":"WebPage","@id":"https:\/\/lilleartup.com\/en\/all-artists\/lart-du-dessin\/","url":"https:\/\/lilleartup.com\/en\/all-artists\/lart-du-dessin\/","name":"L&rsquo;art du dessin - Lille art up!","isPartOf":{"@id":"https:\/\/lilleartup.com\/en\/#website"},"primaryImageOfPage":{"@id":"https:\/\/lilleartup.com\/en\/all-artists\/lart-du-dessin\/#primaryimage"},"image":{"@id":"https:\/\/lilleartup.com\/en\/all-artists\/lart-du-dessin\/#primaryimage"},"thumbnailUrl":"https:\/\/lilleartup.com\/wp-content\/uploads\/2025\/01\/COUV_Dessin_-scaled.jpg","datePublished":"2025-01-17T08:22:25+00:00","dateModified":"2025-01-23T08:55:19+00:00","breadcrumb":{"@id":"https:\/\/lilleartup.com\/en\/all-artists\/lart-du-dessin\/#breadcrumb"},"inLanguage":"en-US","potentialAction":[{"@type":"ReadAction","target":["https:\/\/lilleartup.com\/en\/all-artists\/lart-du-dessin\/"]}]},{"@type":"ImageObject","inLanguage":"en-US","@id":"https:\/\/lilleartup.com\/en\/all-artists\/lart-du-dessin\/#primaryimage","url":"https:\/\/lilleartup.com\/wp-content\/uploads\/2025\/01\/COUV_Dessin_-scaled.jpg","contentUrl":"https:\/\/lilleartup.com\/wp-content\/uploads\/2025\/01\/COUV_Dessin_-scaled.jpg","width":857,"height":1080},{"@type":"BreadcrumbList","@id":"https:\/\/lilleartup.com\/en\/all-artists\/lart-du-dessin\/#breadcrumb","itemListElement":[{"@type":"ListItem","position":1,"name":"Home","item":"https:\/\/lilleartup.com\/en\/"},{"@type":"ListItem","position":2,"name":"Artistes","item":"https:\/\/lilleartup.com\/en\/all-artists\/"},{"@type":"ListItem","position":3,"name":"L&rsquo;art du dessin"}]},{"@type":"WebSite","@id":"https:\/\/lilleartup.com\/en\/#website","url":"https:\/\/lilleartup.com\/en\/","name":"Lille art up!","description":"","potentialAction":[{"@type":"SearchAction","target":{"@type":"EntryPoint","urlTemplate":"https:\/\/lilleartup.com\/en\/?s={search_term_string}"},"query-input":{"@type":"PropertyValueSpecification","valueRequired":true,"valueName":"search_term_string"}}],"inLanguage":"en-US"}]}},"_links":{"self":[{"href":"https:\/\/lilleartup.com\/en\/wp-json\/wp\/v2\/artist\/104419","targetHints":{"allow":["GET"]}}],"collection":[{"href":"https:\/\/lilleartup.com\/en\/wp-json\/wp\/v2\/artist"}],"about":[{"href":"https:\/\/lilleartup.com\/en\/wp-json\/wp\/v2\/types\/artist"}],"author":[{"embeddable":true,"href":"https:\/\/lilleartup.com\/en\/wp-json\/wp\/v2\/users\/21"}],"version-history":[{"count":2,"href":"https:\/\/lilleartup.com\/en\/wp-json\/wp\/v2\/artist\/104419\/revisions"}],"predecessor-version":[{"id":105934,"href":"https:\/\/lilleartup.com\/en\/wp-json\/wp\/v2\/artist\/104419\/revisions\/105934"}],"wp:featuredmedia":[{"embeddable":true,"href":"https:\/\/lilleartup.com\/en\/wp-json\/wp\/v2\/media\/104420"}],"wp:attachment":[{"href":"https:\/\/lilleartup.com\/en\/wp-json\/wp\/v2\/media?parent=104419"}],"wp:term":[{"taxonomy":"taxo_year_participe","embeddable":true,"href":"https:\/\/lilleartup.com\/en\/wp-json\/wp\/v2\/taxo_year_participe?post=104419"}],"curies":[{"name":"wp","href":"https:\/\/api.w.org\/{rel}","templated":true}]}}