{"version":"1.0","provider_name":"Lille art up!","provider_url":"https:\/\/lilleartup.com\/en\/","author_name":"CHU de Lille","author_url":"https:\/\/lilleartup.com\/en\/author\/chu-de-lille\/","title":"Action culturelle \/ Du vent dans les mots - Lille art up!","type":"rich","width":600,"height":338,"html":"<blockquote class=\"wp-embedded-content\" data-secret=\"Yq231dM89Y\"><a href=\"https:\/\/lilleartup.com\/en\/all-artists\/action-culturelle-chu\/\">Action culturelle \/ Du vent dans les mots<\/a><\/blockquote><iframe sandbox=\"allow-scripts\" security=\"restricted\" src=\"https:\/\/lilleartup.com\/en\/all-artists\/action-culturelle-chu\/embed\/#?secret=Yq231dM89Y\" width=\"600\" height=\"338\" title=\"&#8220;Action culturelle \/ Du vent dans les mots&#8221; &#8212; Lille art up!\" data-secret=\"Yq231dM89Y\" frameborder=\"0\" marginwidth=\"0\" marginheight=\"0\" scrolling=\"no\" class=\"wp-embedded-content\"><\/iframe><script type=\"text\/javascript\">\n\/* <![CDATA[ *\/\n\/*! This file is auto-generated *\/\n!function(d,l){\"use strict\";l.querySelector&&d.addEventListener&&\"undefined\"!=typeof URL&&(d.wp=d.wp||{},d.wp.receiveEmbedMessage||(d.wp.receiveEmbedMessage=function(e){var t=e.data;if((t||t.secret||t.message||t.value)&&!\/[^a-zA-Z0-9]\/.test(t.secret)){for(var s,r,n,a=l.querySelectorAll('iframe[data-secret=\"'+t.secret+'\"]'),o=l.querySelectorAll('blockquote[data-secret=\"'+t.secret+'\"]'),c=new RegExp(\"^https?:$\",\"i\"),i=0;i<o.length;i++)o[i].style.display=\"none\";for(i=0;i<a.length;i++)s=a[i],e.source===s.contentWindow&&(s.removeAttribute(\"style\"),\"height\"===t.message?(1e3<(r=parseInt(t.value,10))?r=1e3:~~r<200&&(r=200),s.height=r):\"link\"===t.message&&(r=new URL(s.getAttribute(\"src\")),n=new URL(t.value),c.test(n.protocol))&&n.host===r.host&&l.activeElement===s&&(d.top.location.href=t.value))}},d.addEventListener(\"message\",d.wp.receiveEmbedMessage,!1),l.addEventListener(\"DOMContentLoaded\",function(){for(var e,t,s=l.querySelectorAll(\"iframe.wp-embedded-content\"),r=0;r<s.length;r++)(t=(e=s[r]).getAttribute(\"data-secret\"))||(t=Math.random().toString(36).substring(2,12),e.src+=\"#?secret=\"+t,e.setAttribute(\"data-secret\",t)),e.contentWindow.postMessage({message:\"ready\",secret:t},\"*\")},!1)))}(window,document);\n\/\/# sourceURL=https:\/\/lilleartup.com\/wp-includes\/js\/wp-embed.min.js\n\/* ]]> *\/\n<\/script>\n","thumbnail_url":"https:\/\/lilleartup.com\/wp-content\/uploads\/2025\/02\/454396750_929206882566488_2411415367183627886_n.jpg","thumbnail_width":1440,"thumbnail_height":1080,"description":"Pour cette nouvelle \u00e9dition, le CHU de Lille pr\u00e9sente l\u2019exposition Transpara\u00eetre, issue des ateliers d\u2019\u00e9criture et graphiques men\u00e9s par Du vent dans les mots aupr\u00e8s des patients hospitalis\u00e9s dans les services de psychog\u00e9riatrie \u00e0 l\u2019H\u00f4pital Fontan 2 et dans l\u2019Unit\u00e9 hospitali\u00e8re s\u00e9curis\u00e9e interr\u00e9gionale (UHSI), et ceux suivis au Centre m\u00e9dico-psychologique Montebello et au Centre de [&hellip;]"}